{"id":59,"date":"2014-07-01T15:36:59","date_gmt":"2014-07-01T14:36:59","guid":{"rendered":"http:\/\/www.sc-conseil.eu\/?page_id=59"},"modified":"2022-04-26T15:41:18","modified_gmt":"2022-04-26T14:41:18","slug":"out-collectif","status":"publish","type":"page","link":"http:\/\/www.sc-conseil.eu\/?page_id=59","title":{"rendered":"OUT COLLECTIF"},"content":{"rendered":"<p>SC CONSEIL, c&rsquo;est aussi, chaque ann\u00e9e, l&rsquo;accompagnement de salari\u00e9s licenci\u00e9s vers des solutions choisies et durables, dans le cadre de restructurations ou fermetures de sites. Forte de son exp\u00e9rience et de ses r\u00e9ussites (lien avec notre pratique), notre \u00e9quipe met \u00e0 votre disposition un savoir-faire reconnu dans la mise en place d&rsquo;Antennes Mobilit\u00e9 et d&rsquo;Antennes Emploi.<\/p>\n<p>Toujours en partenariat \u00e9troit avec la direction de l&rsquo;entreprise, les repr\u00e9sentants du personnel, la DREETS et le Service Public de l&rsquo;Emploi, notre objectif est de <b>faciliter et d&rsquo;optimiser le reclassement<\/b> des salari\u00e9s touch\u00e9s par une mesure de licenciement \u00e9conomique.<\/p>\n<p><b>Nous intervenons r\u00e9guli\u00e8rement \u00e0 trois niveaux :<\/b><\/p>\n<ul style=\";text-align: justify;\">\n<li style=\"padding-top: 5px;\">En amont de la notification des licenciements, en <b>conseil<\/b> aupr\u00e8s de la direction sur les mesures d&rsquo;accompagnements du PSE, apr\u00e8s analyse de la population concern\u00e9e, et en appui de la DRH dans l&rsquo;information aux salari\u00e9s et la <b>gestion de la mobilit\u00e9<\/b>.<\/li>\n<li style=\"padding-top: 5px;\">Dans la mise en place d&rsquo;<b>Antennes Mobilit\u00e9<\/b>, nous r\u00e9alisons une premi\u00e8re phase d&rsquo;inventaire personnel et professionnel pour chaque salari\u00e9 qui le souhaite, v\u00e9ritable outil d&rsquo;aide \u00e0 la d\u00e9cision.<\/li>\n<li style=\"padding-top: 5px;\">Dans la mise en place d&rsquo;<b>Antennes Emploi<\/b>, nous vous proposons :\n<ul>\n<li style=\"padding-top: 5px;\">Un parcours d&rsquo;accompagnement adapt\u00e9 \u00e0 chaque salari\u00e9,<\/li>\n<li style=\"padding-top: 5px;\">Une logistique permettant \u00e0 chacun d&rsquo;optimiser sa d\u00e9marche de repositionnement professionnel,<\/li>\n<li style=\"padding-top: 5px;\">Une prospection intensive du bassin d&#8217;emploi pour identifier des offres cibl\u00e9es, correspondantes aux diff\u00e9rents projets individuels,<\/li>\n<li style=\"padding-top: 5px;\">La possibilit\u00e9 pour le b\u00e9n\u00e9ficiaire de s&rsquo;orienter et d&rsquo;\u00eatre accompagn\u00e9 :\n<ul>\n<li style=\"padding-top: 5px;\">Vers un emploi salari\u00e9,<\/li>\n<li style=\"padding-top: 5px;\">Vers une formation longue,<\/li>\n<li style=\"padding-top: 5px;\">Vers une cr\u00e9ation d&rsquo;activit\u00e9.<\/li>\n<\/ul>\n<\/li>\n<\/ul>\n<\/li>\n<\/ul>\n<p><em><strong>\u00ab\u00a0Sc conseil, incubateur de projets ambitieux et innovants pour embarquer vers l\u2019emploi notamment les plus fragilis\u00e9s d\u2019entre nous\u00a0\u00bb<\/strong><\/em><\/p>\n","protected":false},"excerpt":{"rendered":"<p>SC CONSEIL, c&rsquo;est aussi, chaque ann\u00e9e, l&rsquo;accompagnement de salari\u00e9s licenci\u00e9s vers des solutions choisies et durables, dans le cadre de restructurations ou fermetures de sites. Forte de son exp\u00e9rience et de ses r\u00e9ussites (lien avec notre pratique), notre \u00e9quipe met \u00e0 votre disposition un savoir-faire reconnu dans la mise en &#8230;<\/p>\n","protected":false},"author":1,"featured_media":0,"parent":0,"menu_order":0,"comment_status":"closed","ping_status":"closed","template":"","meta":{"_monsterinsights_skip_tracking":false,"_monsterinsights_sitenote_active":false,"_monsterinsights_sitenote_note":"","_monsterinsights_sitenote_category":0},"_links":{"self":[{"href":"http:\/\/www.sc-conseil.eu\/index.php?rest_route=\/wp\/v2\/pages\/59"}],"collection":[{"href":"http:\/\/www.sc-conseil.eu\/index.php?rest_route=\/wp\/v2\/pages"}],"about":[{"href":"http:\/\/www.sc-conseil.eu\/index.php?rest_route=\/wp\/v2\/types\/page"}],"author":[{"embeddable":true,"href":"http:\/\/www.sc-conseil.eu\/index.php?rest_route=\/wp\/v2\/users\/1"}],"replies":[{"embeddable":true,"href":"http:\/\/www.sc-conseil.eu\/index.php?rest_route=%2Fwp%2Fv2%2Fcomments&post=59"}],"version-history":[{"count":3,"href":"http:\/\/www.sc-conseil.eu\/index.php?rest_route=\/wp\/v2\/pages\/59\/revisions"}],"predecessor-version":[{"id":187,"href":"http:\/\/www.sc-conseil.eu\/index.php?rest_route=\/wp\/v2\/pages\/59\/revisions\/187"}],"wp:attachment":[{"href":"http:\/\/www.sc-conseil.eu\/index.php?rest_route=%2Fwp%2Fv2%2Fmedia&parent=59"}],"curies":[{"name":"wp","href":"https:\/\/api.w.org\/{rel}","templated":true}]}}